{"id":165,"date":"2023-03-24T18:43:02","date_gmt":"2023-03-24T16:43:02","guid":{"rendered":"https:\/\/edc.ooteca.artedra.net\/wordpress\/?page_id=165"},"modified":"2024-04-11T12:00:54","modified_gmt":"2024-04-11T10:00:54","slug":"acollida-digital-de-lalumnat-destudis-reglats","status":"publish","type":"page","link":"https:\/\/edc.ooteca.artedra.net\/wordpress\/?page_id=165","title":{"rendered":"Acollida digital de l&#8217;alumnat d&#8217;estudis reglats"},"content":{"rendered":"\n<ul class=\"wp-block-list\">\n<li><a href=\"#previ\" data-type=\"internal\" data-id=\"#previ\">Previ a l&#8217;inici de curs<\/a><\/li>\n\n\n\n<li><a href=\"#primerdia\" data-type=\"internal\">Primer dia de classe<\/a><\/li>\n\n\n\n<li><a href=\"#primerasetmana\" data-type=\"internal\" data-id=\"#primerasetmana\">Primera setmana<\/a><\/li>\n\n\n\n<li><a href=\"#durant\" data-type=\"internal\" data-id=\"#durant\">Durant el curs<\/a><\/li>\n\n\n\n<li><a href=\"#despres\" data-type=\"internal\" data-id=\"#despres\">Un cop finalitzat el curs<\/a><\/li>\n\n\n\n<li><a href=\"https:\/\/docs.google.com\/presentation\/d\/117B1x3Uh0siiBIBDjEMWsQh2mZRsJnUGSkXBi6WMsb4\/edit?usp=sharing\">Document PDF Acollida digital de l&#8217;alumnat d&#8217;estudis reglat<\/a><\/li>\n<\/ul>\n\n\n\n<h5 class=\"wp-block-heading has-white-color has-purple-background-color has-text-color has-background\" id=\"reglat\">ALERTA!<br>1 &#8211; DOCUMENT DE TREBALL PROVISIONAL PENDENT DE VALIDACI\u00d3 final curs 23-24. <\/h5>\n\n\n\n<h3 class=\"wp-block-heading has-white-color has-medium-pink-background-color has-text-color has-background\" id=\"previ\">Previ a l&#8217;inici de curs<\/h3>\n\n\n\n<div class=\"wp-block-columns is-layout-flex wp-container-core-columns-is-layout-9d6595d7 wp-block-columns-is-layout-flex\">\n<div class=\"wp-block-column is-vertically-aligned-center has-light-blue-background-color has-background is-layout-flow wp-block-column-is-layout-flow\" style=\"flex-basis:22.22%\">\n<p class=\"has-text-align-left\"><strong>GRUP<\/strong><\/p>\n<\/div>\n\n\n\n<div class=\"wp-block-column is-vertically-aligned-center has-light-blue-background-color has-background is-layout-flow wp-block-column-is-layout-flow\" style=\"flex-basis:44.45%\">\n<p><strong>ACCI\u00d3<\/strong><\/p>\n<\/div>\n\n\n\n<div class=\"wp-block-column has-light-blue-background-color has-background is-layout-flow wp-block-column-is-layout-flow\" style=\"flex-basis:33.33%\">\n<p><strong>RECURSOS<\/strong><\/p>\n<\/div>\n<\/div>\n\n\n\n<div class=\"wp-block-columns is-layout-flex wp-container-core-columns-is-layout-9d6595d7 wp-block-columns-is-layout-flex\">\n<div class=\"wp-block-column is-layout-flow wp-block-column-is-layout-flow\" style=\"flex-basis:22.22%\">\n<p><strong>Tots els grups<\/strong><\/p>\n<\/div>\n\n\n\n<div class=\"wp-block-column is-layout-flow wp-block-column-is-layout-flow\" style=\"flex-basis:44.45%\">\n<p class=\"has-blue-gray-color has-text-color has-link-color wp-elements-045757cfab32a76ea298daf028a8edf8\"><strong>Enviar<\/strong> <strong>e-mail<\/strong> <strong>informatiu:<\/strong><br>amb instruccions, data i hora d&#8217;inici de curs.<br>Responsable:<br>Direcci\u00f3 i Administraci\u00f3 edRa<\/p>\n\n\n\n<p><strong>Preparar comptes d&#8217;usuari d&#8217;estudiant <\/strong>dels serveis, plataformes i entorns de treball de l&#8217;edRa:<\/p>\n\n\n\n<ul class=\"wp-block-list\">\n<li>Windows\/Linux (tothom)<\/li>\n\n\n\n<li>Moodle (tothom)<\/li>\n\n\n\n<li>Adobe (tothom)<\/li>\n\n\n\n<li>Servidor remot (APGI i 3x2GS)<\/li>\n\n\n\n<li>Autodesk (PIDOD)<\/li>\n<\/ul>\n\n\n\n<p>Responsable: <br>Equip gesti\u00f3 digital EDC i prove\u00efdor extern inform\u00e0tica<\/p>\n<\/div>\n\n\n\n<div class=\"wp-block-column is-layout-flow wp-block-column-is-layout-flow\" style=\"flex-basis:33.33%\">\n<p>Disposar de les dates, hores i detalls de l&#8217;inici de curs.<\/p>\n\n\n\n<p>Disposar de les adreces de tot l&#8217;alumnat i fam\u00edlies (en el cas d&#8217;alumnes menors d&#8217;edat).<\/p>\n\n\n\n<p>Disposar d&#8217;un sistema de gesti\u00f3 d&#8217;usuaris i comptes.<\/p>\n<\/div>\n<\/div>\n\n\n\n<div class=\"wp-block-columns is-layout-flex wp-container-core-columns-is-layout-9d6595d7 wp-block-columns-is-layout-flex\">\n<div class=\"wp-block-column is-layout-flow wp-block-column-is-layout-flow\" style=\"flex-basis:22.22%\">\n<p><strong>GM 1r curs<\/strong><\/p>\n<\/div>\n\n\n\n<div class=\"wp-block-column is-layout-flow wp-block-column-is-layout-flow\" style=\"flex-basis:44.45%\">\n<p><strong>Enviar<\/strong> <strong>e-mail<\/strong> <strong>convocat\u00f2ria:<\/strong><br>amb instruccions, data i hora de la reuni\u00f3 de presentaci\u00f3 per a les fam\u00edlies d&#8217;alumnes menors.<\/p>\n\n\n\n<p>Responsable:<br>Direcci\u00f3 i Administraci\u00f3 edRa<\/p>\n\n\n\n<p><strong>Reuni\u00f3 de presentaci\u00f3 <\/strong>per a les fam\u00edlies d&#8217;alumnes menors.<\/p>\n\n\n\n<p>Responsable:<br>Direcci\u00f3 i Administraci\u00f3 edRa<\/p>\n<\/div>\n\n\n\n<div class=\"wp-block-column is-layout-flow wp-block-column-is-layout-flow\" style=\"flex-basis:33.33%\">\n<p>Disposar de la data, hora, espai reservat i detalls de la reuni\u00f3.<\/p>\n\n\n\n<p>Disposar de les adreces de les fam\u00edlies dels alumnes menors d&#8217;edat.<\/p>\n\n\n\n<p>Disposar de les presentacions digitals per mostrar durant la reuni\u00f3.<\/p>\n<\/div>\n<\/div>\n\n\n\n<h3 class=\"wp-block-heading has-white-color has-medium-pink-background-color has-text-color has-background\" id=\"primerdia\">Primer dia de classe<\/h3>\n\n\n\n<div class=\"wp-block-columns is-layout-flex wp-container-core-columns-is-layout-9d6595d7 wp-block-columns-is-layout-flex\">\n<div class=\"wp-block-column is-vertically-aligned-center has-light-blue-background-color has-background is-layout-flow wp-block-column-is-layout-flow\" style=\"flex-basis:22.22%\">\n<p class=\"has-text-align-left\"><strong>GRUP<\/strong><\/p>\n<\/div>\n\n\n\n<div class=\"wp-block-column is-vertically-aligned-center has-light-blue-background-color has-background is-layout-flow wp-block-column-is-layout-flow\" style=\"flex-basis:44.45%\">\n<p><strong>ACCI\u00d3<\/strong><\/p>\n<\/div>\n\n\n\n<div class=\"wp-block-column has-light-blue-background-color has-background is-layout-flow wp-block-column-is-layout-flow\" style=\"flex-basis:33.33%\">\n<p><strong>RECURSOS<\/strong><\/p>\n<\/div>\n<\/div>\n\n\n\n<div class=\"wp-block-columns is-layout-flex wp-container-core-columns-is-layout-9d6595d7 wp-block-columns-is-layout-flex\">\n<div class=\"wp-block-column is-layout-flow wp-block-column-is-layout-flow\" style=\"flex-basis:22.22%\">\n<p><strong>GM i GS<\/strong> <strong>1r curs <\/strong><\/p>\n<\/div>\n\n\n\n<div class=\"wp-block-column is-layout-flow wp-block-column-is-layout-flow\" style=\"flex-basis:44.45%\">\n<p><strong>Sessi\u00f3 benvinguda alumnes 1r curs:<\/strong> <br>Presentaci\u00f3, activitat inicial, lliurar carpeta i possible documentaci\u00f3 per signar.<br><br>Responsable:<br>Coordinaci\u00f3, tutor\/a cicles, amb la col\u00b7laboraci\u00f3 del professorat.<\/p>\n<\/div>\n\n\n\n<div class=\"wp-block-column is-layout-flow wp-block-column-is-layout-flow\" style=\"flex-basis:33.33%\">\n<p>Presentacions<br>Projector i ordinador<br>Gwido control assist\u00e8ncia<br>Activitats de benvinguda preparades<br>Carpetes <br>Documentaci\u00f3 per signar<\/p>\n<\/div>\n<\/div>\n\n\n\n<div class=\"wp-block-columns is-layout-flex wp-container-core-columns-is-layout-9d6595d7 wp-block-columns-is-layout-flex\">\n<div class=\"wp-block-column is-layout-flow wp-block-column-is-layout-flow\" style=\"flex-basis:22.22%\">\n<p><strong>GM i GS<\/strong> <strong>2n curs <\/strong><\/p>\n<\/div>\n\n\n\n<div class=\"wp-block-column is-layout-flow wp-block-column-is-layout-flow\" style=\"flex-basis:44.45%\">\n<p><strong>Sessi\u00f3 benvinguda alumnes <\/strong><br><strong>2n curs:<\/strong><br>Presentaci\u00f3 i activitat inicial.<br><br>Responsable:<br>Coordinaci\u00f3, tutor\/a cicles, amb <br>la col\u00b7laboraci\u00f3 del professorat.<\/p>\n<\/div>\n\n\n\n<div class=\"wp-block-column is-layout-flow wp-block-column-is-layout-flow\" style=\"flex-basis:33.33%\">\n<p><\/p>\n<\/div>\n<\/div>\n\n\n\n<h3 class=\"wp-block-heading has-white-color has-medium-pink-background-color has-text-color has-background\" id=\"primerasetmana\">Primera setmana de classe<\/h3>\n\n\n\n<div class=\"wp-block-columns is-layout-flex wp-container-core-columns-is-layout-9d6595d7 wp-block-columns-is-layout-flex\">\n<div class=\"wp-block-column is-vertically-aligned-center has-light-blue-background-color has-background is-layout-flow wp-block-column-is-layout-flow\" style=\"flex-basis:22.22%\">\n<p class=\"has-text-align-left\"><strong>GRUP<\/strong><\/p>\n<\/div>\n\n\n\n<div class=\"wp-block-column is-vertically-aligned-center has-light-blue-background-color has-background is-layout-flow wp-block-column-is-layout-flow\" style=\"flex-basis:44.45%\">\n<p><strong>ACCI\u00d3<\/strong><\/p>\n<\/div>\n\n\n\n<div class=\"wp-block-column has-light-blue-background-color has-background is-layout-flow wp-block-column-is-layout-flow\" style=\"flex-basis:33.33%\">\n<p><strong>RECURSOS<\/strong><\/p>\n<\/div>\n<\/div>\n\n\n\n<div class=\"wp-block-columns is-layout-flex wp-container-core-columns-is-layout-9d6595d7 wp-block-columns-is-layout-flex\">\n<div class=\"wp-block-column is-layout-flow wp-block-column-is-layout-flow\" style=\"flex-basis:22.22%\">\n<p><strong>Tots<\/strong><\/p>\n<\/div>\n\n\n\n<div class=\"wp-block-column is-layout-flow wp-block-column-is-layout-flow\" style=\"flex-basis:44.45%\">\n<p><strong>Preparar comptes d&#8217;usuari d&#8217;estudiant <\/strong>dels serveis, plataformes i entorns de treball de l&#8217;edRa:<\/p>\n\n\n\n<ul class=\"wp-block-list\">\n<li>Windows\/Linux (tothom)<\/li>\n\n\n\n<li>Moodle (tothom)<\/li>\n\n\n\n<li>Adobe (tothom)<\/li>\n\n\n\n<li>Servidor remot (APGI i 3x2GS)<\/li>\n\n\n\n<li>Autodesk (PIDOD)<\/li>\n<\/ul>\n\n\n\n<p>Responsable: <br>Equip gesti\u00f3 digital EDC i prove\u00efdor extern inform\u00e0tica<\/p>\n\n\n\n<p><strong>Facilitar a <strong><strong>l&#8217;alumnat<\/strong><\/strong>  <strong>protocols<\/strong><\/strong> <strong>d&#8217;\u00fas\/gesti\u00f3 de:<\/strong> <\/p>\n\n\n\n<ul class=\"wp-block-list\">\n<li>Comunicacions<\/li>\n\n\n\n<li>Incid\u00e8ncies maquinari<\/li>\n\n\n\n<li>Incid\u00e8ncies programari<\/li>\n\n\n\n<li>Incid\u00e8ncies moodle<\/li>\n\n\n\n<li>Incid\u00e8ncies generals: \n<ul class=\"wp-block-list\">\n<li>Impressora<\/li>\n\n\n\n<li>Plat\u00f3 fotografia <\/li>\n\n\n\n<li>Equipament fotogr\u00e0fic <\/li>\n\n\n\n<li>Espai de fabricaci\u00f3 digital <\/li>\n\n\n\n<li>Tallers <\/li>\n\n\n\n<li>Aules <\/li>\n\n\n\n<li>Gesti\u00f3 material fungible<\/li>\n<\/ul>\n<\/li>\n<\/ul>\n\n\n\n<p>Responsable: <br>Equip gesti\u00f3 digital EDC.<\/p>\n\n\n\n<p><strong>Facilitar <strong>a l&#8217;alumnat<\/strong><\/strong> <strong>tutorials\/infografies d&#8217;\u00fas de:<\/strong> <\/p>\n\n\n\n<ul class=\"wp-block-list\">\n<li>Maquinari<\/li>\n\n\n\n<li>Programari<\/li>\n\n\n\n<li>Moodle<\/li>\n\n\n\n<li>Equipaments: \n<ul class=\"wp-block-list\">\n<li>Impressora <\/li>\n\n\n\n<li>Plat\u00f3 fotografia <\/li>\n\n\n\n<li>Equipament fotogr\u00e0fic <\/li>\n\n\n\n<li>Espai de fabricaci\u00f3 digital<\/li>\n<\/ul>\n<\/li>\n<\/ul>\n\n\n\n<p>Responsable: <br>Per determinar.<\/p>\n<\/div>\n\n\n\n<div class=\"wp-block-column is-layout-flow wp-block-column-is-layout-flow\" style=\"flex-basis:33.33%\">\n<p><strong>Disposar dels comptes d&#8217;usuari d&#8217;estudiant <\/strong>dels serveis, plataformes i entorns de treball de l&#8217;edRa<\/p>\n\n\n\n<p><strong>Disposar dels<\/strong> <strong><strong>protocols<\/strong><\/strong> <strong>d&#8217;\u00fas\/gesti\u00f3 <\/strong>de tota la infraestructura digital de l&#8217;edRa. <\/p>\n\n\n\n<p><strong>Disposar de<strong>ls t<strong>utorials\/infografies d&#8217;\u00fas<\/strong><\/strong><\/strong> <strong>d&#8217;\u00fas <\/strong>de tota la infraestructura digital de l&#8217;edRa. <\/p>\n<\/div>\n<\/div>\n\n\n\n<h3 class=\"wp-block-heading has-white-color has-medium-pink-background-color has-text-color has-background\" id=\"durant\">Durant el curs<\/h3>\n\n\n\n<div class=\"wp-block-columns is-layout-flex wp-container-core-columns-is-layout-9d6595d7 wp-block-columns-is-layout-flex\">\n<div class=\"wp-block-column is-vertically-aligned-center has-light-blue-background-color has-background is-layout-flow wp-block-column-is-layout-flow\" style=\"flex-basis:22.22%\">\n<p class=\"has-text-align-left\"><strong>GRUP<\/strong><\/p>\n<\/div>\n\n\n\n<div class=\"wp-block-column is-vertically-aligned-center has-light-blue-background-color has-background is-layout-flow wp-block-column-is-layout-flow\" style=\"flex-basis:44.45%\">\n<p><strong>ACCI\u00d3<\/strong><\/p>\n<\/div>\n\n\n\n<div class=\"wp-block-column has-light-blue-background-color has-background is-layout-flow wp-block-column-is-layout-flow\" style=\"flex-basis:33.33%\">\n<p><strong>RECURSOS<\/strong><\/p>\n<\/div>\n<\/div>\n\n\n\n<div class=\"wp-block-columns is-layout-flex wp-container-core-columns-is-layout-9d6595d7 wp-block-columns-is-layout-flex\">\n<div class=\"wp-block-column is-layout-flow wp-block-column-is-layout-flow\" style=\"flex-basis:22.22%\">\n<p><strong>Tots<\/strong><\/p>\n<\/div>\n\n\n\n<div class=\"wp-block-column is-layout-flow wp-block-column-is-layout-flow\" style=\"flex-basis:44.45%\">\n<p><strong>Atendre\/resoldre incid\u00e8ncies i fer seguiment de<\/strong> tota la infraestructura, especialment de: <\/p>\n\n\n\n<ul class=\"wp-block-list\">\n<li>Comunicacions<\/li>\n\n\n\n<li>Equipaments<\/li>\n\n\n\n<li>Windows\/Linux<\/li>\n\n\n\n<li>Moodle<\/li>\n\n\n\n<li>Adobe<\/li>\n<\/ul>\n\n\n\n<p>Responsable: <br>Equip gesti\u00f3 digital EDC, prove\u00efdor extern inform\u00e0tica i altres per determinar.<\/p>\n\n\n\n<p><strong>Reunions peri\u00f2diques de revisi\u00f3\/coordinaci\u00f3 de la infraestructura digital.<\/strong><\/p>\n\n\n\n<p>Responsable: <br>Per determinar.<\/p>\n<\/div>\n\n\n\n<div class=\"wp-block-column is-layout-flow wp-block-column-is-layout-flow\" style=\"flex-basis:33.33%\">\n<p>Haver constitu\u00eft la <strong>comissi\u00f3 de seguiment de la infraestructura digital<\/strong> i haver establert els canals de comunicaci\u00f3 i mecanismes de coordinaci\u00f3 adients.<\/p>\n<\/div>\n<\/div>\n\n\n\n<h3 class=\"wp-block-heading has-white-color has-medium-pink-background-color has-text-color has-background\" id=\"despres\">Un cop finalitzat el curs<\/h3>\n\n\n\n<div class=\"wp-block-columns is-layout-flex wp-container-core-columns-is-layout-9d6595d7 wp-block-columns-is-layout-flex\">\n<div class=\"wp-block-column is-vertically-aligned-center has-light-blue-background-color has-background is-layout-flow wp-block-column-is-layout-flow\" style=\"flex-basis:22.22%\">\n<p class=\"has-text-align-left\"><strong>GRUP<\/strong><\/p>\n<\/div>\n\n\n\n<div class=\"wp-block-column is-vertically-aligned-center has-light-blue-background-color has-background is-layout-flow wp-block-column-is-layout-flow\" style=\"flex-basis:44.45%\">\n<p><strong>ACCI\u00d3<\/strong><\/p>\n<\/div>\n\n\n\n<div class=\"wp-block-column has-light-blue-background-color has-background is-layout-flow wp-block-column-is-layout-flow\" style=\"flex-basis:33.33%\">\n<p><strong>RECURSOS<\/strong><\/p>\n<\/div>\n<\/div>\n\n\n\n<div class=\"wp-block-columns is-layout-flex wp-container-core-columns-is-layout-9d6595d7 wp-block-columns-is-layout-flex\">\n<div class=\"wp-block-column is-layout-flow wp-block-column-is-layout-flow\" style=\"flex-basis:22.22%\">\n<p><strong>Tots<\/strong><\/p>\n<\/div>\n\n\n\n<div class=\"wp-block-column is-layout-flow wp-block-column-is-layout-flow\" style=\"flex-basis:44.45%\">\n<p><strong>Incorporar el punt de vista de l&#8217;alumnat <\/strong>(mitjan\u00e7ant enquestes de satisfacci\u00f3, b\u00fastia de suggeriments, tutories&#8230; ) a la valoraci\u00f3 de la infraestructura digital, acollida digital, protocols d&#8217;\u00fas i gesti\u00f3 d&#8217;incid\u00e8ncies durant el curs. <\/p>\n\n\n\n<p>Concretar les necessitats i actuacions pel curs vinent. <\/p>\n\n\n\n<p>Preparar la infraestructura i actualitzar els protocols pel curs vinent.<\/p>\n\n\n\n<p>Responsable: <br>Per determinar.<\/p>\n<\/div>\n\n\n\n<div class=\"wp-block-column is-layout-flow wp-block-column-is-layout-flow\" style=\"flex-basis:33.33%\">\n<p>Disposar d&#8217;enquestes, b\u00fastia o qualsevol forma de rebre feedback per part de l&#8217;alumnat.<\/p>\n\n\n\n<p>Disposar d&#8217;una comissi\u00f3 d&#8217;infraestructura digital amb capacitat executiva.<\/p>\n\n\n\n<p>Disposar dels recursos materials i humans, i del temps necessaris.<\/p>\n<\/div>\n<\/div>\n\n\n\n<p><\/p>\n","protected":false},"excerpt":{"rendered":"<p>ALERTA!1 &#8211; DOCUMENT DE TREBALL PROVISIONAL PENDENT DE VALIDACI\u00d3 final curs 23-24. Previ a l&#8217;inici de curs GRUP ACCI\u00d3 RECURSOS Tots els grups Enviar e-mail informatiu:amb instruccions, data i hora d&#8217;inici de curs.Responsable:Direcci\u00f3 i Administraci\u00f3 edRa Preparar comptes d&#8217;usuari d&#8217;estudiant dels serveis, plataformes i entorns de treball de l&#8217;edRa: Responsable: Equip gesti\u00f3 digital EDC i &hellip; <a href=\"https:\/\/edc.ooteca.artedra.net\/wordpress\/?page_id=165\" class=\"more-link\">Continua la lectura de <span class=\"screen-reader-text\">Acollida digital de l&#8217;alumnat d&#8217;estudis reglats<\/span><\/a><\/p>\n","protected":false},"author":1,"featured_media":0,"parent":0,"menu_order":0,"comment_status":"closed","ping_status":"closed","template":"","meta":{"footnotes":""},"class_list":["post-165","page","type-page","status-publish","hentry"],"_links":{"self":[{"href":"https:\/\/edc.ooteca.artedra.net\/wordpress\/index.php?rest_route=\/wp\/v2\/pages\/165","targetHints":{"allow":["GET"]}}],"collection":[{"href":"https:\/\/edc.ooteca.artedra.net\/wordpress\/index.php?rest_route=\/wp\/v2\/pages"}],"about":[{"href":"https:\/\/edc.ooteca.artedra.net\/wordpress\/index.php?rest_route=\/wp\/v2\/types\/page"}],"author":[{"embeddable":true,"href":"https:\/\/edc.ooteca.artedra.net\/wordpress\/index.php?rest_route=\/wp\/v2\/users\/1"}],"replies":[{"embeddable":true,"href":"https:\/\/edc.ooteca.artedra.net\/wordpress\/index.php?rest_route=%2Fwp%2Fv2%2Fcomments&post=165"}],"version-history":[{"count":22,"href":"https:\/\/edc.ooteca.artedra.net\/wordpress\/index.php?rest_route=\/wp\/v2\/pages\/165\/revisions"}],"predecessor-version":[{"id":227,"href":"https:\/\/edc.ooteca.artedra.net\/wordpress\/index.php?rest_route=\/wp\/v2\/pages\/165\/revisions\/227"}],"wp:attachment":[{"href":"https:\/\/edc.ooteca.artedra.net\/wordpress\/index.php?rest_route=%2Fwp%2Fv2%2Fmedia&parent=165"}],"curies":[{"name":"wp","href":"https:\/\/api.w.org\/{rel}","templated":true}]}}